{"id":5450,"date":"2025-12-15T11:02:37","date_gmt":"2025-12-15T11:02:37","guid":{"rendered":"https:\/\/hotel-villadvor.hr\/hotel-villa-dvor-hotel-ecologique\/"},"modified":"2026-01-09T10:34:53","modified_gmt":"2026-01-09T10:34:53","slug":"hotel-villa-dvor-hotel-ecologique","status":"publish","type":"page","link":"https:\/\/hotel-villadvor.hr\/fr\/hotel-villa-dvor-hotel-ecologique\/","title":{"rendered":"H\u00f4tel Villa Dvor, h\u00f4tel \u00e9cologique"},"content":{"rendered":"\n<h2 class=\"wp-block-heading\">Compostage des d\u00e9chets municipaux et biod\u00e9gradables de cuisine et production d&#8217;humus<\/h2>\n\n<p>Afin d&#8217;am\u00e9liorer la qualit\u00e9 environnementale et de r\u00e9duire les co\u00fbts d&#8217;\u00e9limination des d\u00e9chets municipaux et biod\u00e9gradables (parties vertes de plantes, tontes de gazon, feuilles, brindilles, cartons d&#8217;emballage, papier, d\u00e9chets de cuisine), l&#8217;H\u00f4tel Villa Dvor a install\u00e9 son propre composteur. L&#8217;air y est naturellement insuffl\u00e9 \u00e0 travers les cloisons s\u00e8ches et le m\u00e9lange est brass\u00e9 r\u00e9guli\u00e8rement pour une fermentation optimale. La quantit\u00e9 annuelle de d\u00e9chets compost\u00e9s est d&#8217;environ 5 000 litres. Tous les emballages en verre et en PET pour lesquels une consigne est factur\u00e9e sont retourn\u00e9s au fournisseur et le reste est recycl\u00e9. De plus, l&#8217;huile de cuisson usag\u00e9e est recycl\u00e9e. Le compost obtenu apr\u00e8s fermentation est transf\u00e9r\u00e9 dans des bacs \u00e0 vers de terre (Eisenia fetida) o\u00f9 il est transform\u00e9 en vermicompost, un humus de qualit\u00e9 sup\u00e9rieure. Nous produisons ainsi environ 2 000 litres d&#8217;humus de premi\u00e8re qualit\u00e9. Cet humus enrichit le sol et sert d&#8217;engrais dans notre potager pour la production de l\u00e9gumes destin\u00e9s \u00e0 l&#8217;h\u00f4tel.      <\/p>\n\n<figure class=\"wp-block-gallery has-nested-images columns-4 is-cropped wp-block-gallery-1 is-layout-flex wp-block-gallery-is-layout-flex\">\n<figure class=\"wp-block-image size-large\"><img fetchpriority=\"high\" decoding=\"async\" width=\"1024\" height=\"683\" data-id=\"4116\" src=\"https:\/\/hotel-villadvor.hr\/wp-content\/uploads\/eco-garden-4-1024x683.jpg\" alt=\"\" class=\"wp-image-4116\" srcset=\"https:\/\/hotel-villadvor.hr\/wp-content\/uploads\/eco-garden-4-1024x683.jpg 1024w, https:\/\/hotel-villadvor.hr\/wp-content\/uploads\/eco-garden-4-300x200.jpg 300w, https:\/\/hotel-villadvor.hr\/wp-content\/uploads\/eco-garden-4-768x512.jpg 768w, https:\/\/hotel-villadvor.hr\/wp-content\/uploads\/eco-garden-4-80x53.jpg 80w, https:\/\/hotel-villadvor.hr\/wp-content\/uploads\/eco-garden-4-600x400.jpg 600w, https:\/\/hotel-villadvor.hr\/wp-content\/uploads\/eco-garden-4.jpg 1200w\" sizes=\"(max-width: 1024px) 100vw, 1024px\" \/><\/figure>\n\n\n\n<figure class=\"wp-block-image size-large\"><img decoding=\"async\" width=\"1024\" height=\"683\" data-id=\"4115\" src=\"https:\/\/hotel-villadvor.hr\/wp-content\/uploads\/eco-garden-3-1024x683.jpg\" alt=\"\" class=\"wp-image-4115\" srcset=\"https:\/\/hotel-villadvor.hr\/wp-content\/uploads\/eco-garden-3-1024x683.jpg 1024w, https:\/\/hotel-villadvor.hr\/wp-content\/uploads\/eco-garden-3-300x200.jpg 300w, https:\/\/hotel-villadvor.hr\/wp-content\/uploads\/eco-garden-3-768x512.jpg 768w, https:\/\/hotel-villadvor.hr\/wp-content\/uploads\/eco-garden-3-80x53.jpg 80w, https:\/\/hotel-villadvor.hr\/wp-content\/uploads\/eco-garden-3-600x400.jpg 600w, https:\/\/hotel-villadvor.hr\/wp-content\/uploads\/eco-garden-3.jpg 1200w\" sizes=\"(max-width: 1024px) 100vw, 1024px\" \/><\/figure>\n\n\n\n<figure class=\"wp-block-image size-medium\"><img decoding=\"async\" width=\"300\" height=\"200\" data-id=\"4113\" src=\"https:\/\/hotel-villadvor.hr\/wp-content\/uploads\/eco-garden-1-300x200.jpg\" alt=\"\" class=\"wp-image-4113\" srcset=\"https:\/\/hotel-villadvor.hr\/wp-content\/uploads\/eco-garden-1-300x200.jpg 300w, https:\/\/hotel-villadvor.hr\/wp-content\/uploads\/eco-garden-1-1024x683.jpg 1024w, https:\/\/hotel-villadvor.hr\/wp-content\/uploads\/eco-garden-1-768x512.jpg 768w, https:\/\/hotel-villadvor.hr\/wp-content\/uploads\/eco-garden-1-80x53.jpg 80w, https:\/\/hotel-villadvor.hr\/wp-content\/uploads\/eco-garden-1-600x400.jpg 600w, https:\/\/hotel-villadvor.hr\/wp-content\/uploads\/eco-garden-1.jpg 1200w\" sizes=\"(max-width: 300px) 100vw, 300px\" \/><\/figure>\n\n\n\n<figure class=\"wp-block-image size-large\"><img loading=\"lazy\" decoding=\"async\" width=\"1024\" height=\"683\" data-id=\"4114\" src=\"https:\/\/hotel-villadvor.hr\/wp-content\/uploads\/eco-garden-2-1024x683.jpg\" alt=\"\" class=\"wp-image-4114\" srcset=\"https:\/\/hotel-villadvor.hr\/wp-content\/uploads\/eco-garden-2-1024x683.jpg 1024w, https:\/\/hotel-villadvor.hr\/wp-content\/uploads\/eco-garden-2-300x200.jpg 300w, https:\/\/hotel-villadvor.hr\/wp-content\/uploads\/eco-garden-2-768x512.jpg 768w, https:\/\/hotel-villadvor.hr\/wp-content\/uploads\/eco-garden-2-80x53.jpg 80w, https:\/\/hotel-villadvor.hr\/wp-content\/uploads\/eco-garden-2-600x400.jpg 600w, https:\/\/hotel-villadvor.hr\/wp-content\/uploads\/eco-garden-2.jpg 1200w\" sizes=\"(max-width: 1024px) 100vw, 1024px\" \/><\/figure>\n<\/figure>\n\n<div style=\"height:39px\" aria-hidden=\"true\" class=\"wp-block-spacer\"><\/div>\n\n<h2 class=\"wp-block-heading\">Se r\u00e9chauffer gr\u00e2ce \u00e0 la rivi\u00e8re Cetina<\/h2>\n\n<p>En collaboration avec la Facult\u00e9 de g\u00e9nie m\u00e9canique de Split, nous avons con\u00e7u et fabriqu\u00e9 une pompe \u00e0 chaleur pour le chauffage, la climatisation et la production d&#8217;eau chaude sanitaire de l&#8217;h\u00f4tel. Nous avons obtenu l&#8217;autorisation d&#8217;exploitation de la rivi\u00e8re Cetina. La pompe \u00e0 chaleur est compos\u00e9e de deux circuits distincts. Le premier est utilis\u00e9 pour l&#8217;eau chaude sanitaire lorsque le syst\u00e8me de climatisation est \u00e0 l&#8217;arr\u00eat. Le second assure le chauffage et la climatisation de l&#8217;h\u00f4tel. Lorsque le syst\u00e8me de climatisation fonctionne, la chaleur r\u00e9siduelle est utilis\u00e9e pour chauffer l&#8217;eau chaude sanitaire. Ce syst\u00e8me produit de mani\u00e8re autonome toute la chaleur n\u00e9cessaire \u00e0 l&#8217;h\u00f4tel. Le coefficient de conversion \u00e9nerg\u00e9tique est d&#8217;environ 1:5. Toutes les chambres et les halls de l&#8217;h\u00f4tel sont \u00e9quip\u00e9s d&#8217;un syst\u00e8me de r\u00e9gulation de temp\u00e9rature individuel, ce qui permet de r\u00e9duire la consommation de chauffage. Le ventilo-convecteur s&#8217;arr\u00eate automatiquement d\u00e8s l&#8217;ouverture d&#8217;une fen\u00eatre. Toutes les fen\u00eatres sont en double vitrage isolant et la fa\u00e7ade ainsi que la terrasse sur le toit sont isol\u00e9es avec 8 cm de polystyr\u00e8ne expans\u00e9, ce qui limite les d\u00e9perditions \u00e9nerg\u00e9tiques. Outre les avantages financiers pour l&#8217;h\u00f4tel, ce syst\u00e8me contribue significativement \u00e0 la protection de l&#8217;environnement. Il permet de r\u00e9duire les co\u00fbts de gestion des d\u00e9chets au niveau local et les \u00e9missions de carbone.            <\/p>\n\n<div style=\"height:39px\" aria-hidden=\"true\" class=\"wp-block-spacer\"><\/div>\n\n<h2 class=\"wp-block-heading\">La consommation d&#8217;eau potable<\/h2>\n\n<p>Afin d&#8217;utiliser l&#8217;eau potable de mani\u00e8re rationnelle, nous avons install\u00e9 des r\u00e9servoirs de toilettes \u00e0 double chasse d&#8217;eau (3 ou 6 litres par chasse). Dans les toilettes publiques, nous avons install\u00e9 des robinets \u00e0 capteur et toutes les salles de bains sont \u00e9quip\u00e9es d&#8217;un mitigeur thermostatique int\u00e9gr\u00e9 pour la baignoire, permettant de r\u00e9gler la temp\u00e9rature de l&#8217;eau. De plus, tous les robinets sont \u00e9quip\u00e9s du syst\u00e8me Perlati e. qui m\u00e9lange l&#8217;eau et l&#8217;air, ce qui permet de r\u00e9duire la consommation d&#8217;eau potable de moiti\u00e9 et d&#8217;offrir une douche plus agr\u00e9able gr\u00e2ce \u00e0 un jet doux et abondant. Les shampoings et savons utilis\u00e9s dans les chambres et les toilettes publiques sont \u00e0 pH neutre et certifi\u00e9s \u00e9cologiques, et les d\u00e9tergents utilis\u00e9s dans les lave-linge et lave-vaisselle sont biod\u00e9gradables. Ces \u00e9conomies d&#8217;eau potable contribuent \u00e0 la pr\u00e9servation de l&#8217;environnement de l&#8217;h\u00f4tel. Toutes les plantes pr\u00e9sentes dans l&#8217;environnement de l&#8217;h\u00f4tel sont des esp\u00e8ces indig\u00e8nes (sauge, lavande, romarin, gen\u00eat, oliviers, diff\u00e9rents types de plantes vivaces) qui sont beaucoup plus r\u00e9sistantes aux conditions climatiques locales (zone karstique, manque d&#8217;eau en \u00e9t\u00e9, temp\u00eates en hiver), ce qui r\u00e9duit la consommation d&#8217;eau pour l&#8217;arrosage et l&#8217;apport d&#8217;humus, les rendant ainsi plus durables et r\u00e9sistantes.      <\/p>\n\n<div style=\"height:39px\" aria-hidden=\"true\" class=\"wp-block-spacer\"><\/div>\n\n<h2 class=\"wp-block-heading\">\u00c9conomies d&#8217;\u00e9nergie<\/h2>\n\n<p>Des \u00e9conomies d&#8217;\u00e9nergie sont r\u00e9alis\u00e9es sur le chauffage et l&#8217;\u00e9clairage. L&#8217;h\u00f4tel a install\u00e9 des luminaires utilisant des ampoules basse consommation. Depuis 2011, chaque ampoule basse consommation d\u00e9fectueuse est remplac\u00e9e par une ampoule LED consommant jusqu&#8217;\u00e0 sept fois moins d&#8217;\u00e9nergie que les tubes fluorescents. Afin de r\u00e9duire les \u00e9missions de CO2 et d&#8217;utiliser des \u00e9nergies renouvelables, un projet de centrale photovolta\u00efque de 24 kW a \u00e9t\u00e9 mis en service en avril 2014. En compl\u00e9ment, trois capteurs solaires d&#8217;une puissance totale de 5 kW sont install\u00e9s pour le chauffage d&#8217;appoint de l&#8217;eau chaude sanitaire. L&#8217;h\u00f4tel est \u00e9quip\u00e9 d&#8217;un ascenseur prototype qui, lorsque la diff\u00e9rence de poids entre la cabine et la charge d\u00e9passe 130 kg (selon le sens de la mont\u00e9e ou de la descente), produit 3,9 kW.     <\/p>\n\n<figure class=\"wp-block-gallery has-nested-images columns-4 is-cropped wp-block-gallery-2 is-layout-flex wp-block-gallery-is-layout-flex\">\n<figure class=\"wp-block-image size-medium\"><img loading=\"lazy\" decoding=\"async\" width=\"300\" height=\"200\" data-id=\"4117\" src=\"https:\/\/hotel-villadvor.hr\/wp-content\/uploads\/eco-ev-carger-2-300x200.jpg\" alt=\"\" class=\"wp-image-4117\" srcset=\"https:\/\/hotel-villadvor.hr\/wp-content\/uploads\/eco-ev-carger-2-300x200.jpg 300w, https:\/\/hotel-villadvor.hr\/wp-content\/uploads\/eco-ev-carger-2-1024x683.jpg 1024w, https:\/\/hotel-villadvor.hr\/wp-content\/uploads\/eco-ev-carger-2-768x512.jpg 768w, https:\/\/hotel-villadvor.hr\/wp-content\/uploads\/eco-ev-carger-2-80x53.jpg 80w, https:\/\/hotel-villadvor.hr\/wp-content\/uploads\/eco-ev-carger-2-600x400.jpg 600w, https:\/\/hotel-villadvor.hr\/wp-content\/uploads\/eco-ev-carger-2.jpg 1200w\" sizes=\"(max-width: 300px) 100vw, 300px\" \/><\/figure>\n\n\n\n<figure class=\"wp-block-image size-medium\"><img loading=\"lazy\" decoding=\"async\" width=\"300\" height=\"200\" data-id=\"4119\" src=\"https:\/\/hotel-villadvor.hr\/wp-content\/uploads\/eco-solar-2-300x200.jpg\" alt=\"\" class=\"wp-image-4119\" srcset=\"https:\/\/hotel-villadvor.hr\/wp-content\/uploads\/eco-solar-2-300x200.jpg 300w, https:\/\/hotel-villadvor.hr\/wp-content\/uploads\/eco-solar-2-1024x683.jpg 1024w, https:\/\/hotel-villadvor.hr\/wp-content\/uploads\/eco-solar-2-768x512.jpg 768w, https:\/\/hotel-villadvor.hr\/wp-content\/uploads\/eco-solar-2-80x53.jpg 80w, https:\/\/hotel-villadvor.hr\/wp-content\/uploads\/eco-solar-2-600x400.jpg 600w, https:\/\/hotel-villadvor.hr\/wp-content\/uploads\/eco-solar-2.jpg 1200w\" sizes=\"(max-width: 300px) 100vw, 300px\" \/><\/figure>\n\n\n\n<figure class=\"wp-block-image size-medium\"><img loading=\"lazy\" decoding=\"async\" width=\"300\" height=\"200\" data-id=\"4118\" src=\"https:\/\/hotel-villadvor.hr\/wp-content\/uploads\/eco-solar-1-300x200.jpg\" alt=\"\" class=\"wp-image-4118\" srcset=\"https:\/\/hotel-villadvor.hr\/wp-content\/uploads\/eco-solar-1-300x200.jpg 300w, https:\/\/hotel-villadvor.hr\/wp-content\/uploads\/eco-solar-1-1024x683.jpg 1024w, https:\/\/hotel-villadvor.hr\/wp-content\/uploads\/eco-solar-1-768x512.jpg 768w, https:\/\/hotel-villadvor.hr\/wp-content\/uploads\/eco-solar-1-80x53.jpg 80w, https:\/\/hotel-villadvor.hr\/wp-content\/uploads\/eco-solar-1-600x400.jpg 600w, https:\/\/hotel-villadvor.hr\/wp-content\/uploads\/eco-solar-1.jpg 1200w\" sizes=\"(max-width: 300px) 100vw, 300px\" \/><\/figure>\n\n\n\n<figure class=\"wp-block-image size-medium\"><img loading=\"lazy\" decoding=\"async\" width=\"300\" height=\"200\" data-id=\"4120\" src=\"https:\/\/hotel-villadvor.hr\/wp-content\/uploads\/eco-solar-3-300x200.jpg\" alt=\"\" class=\"wp-image-4120\" srcset=\"https:\/\/hotel-villadvor.hr\/wp-content\/uploads\/eco-solar-3-300x200.jpg 300w, https:\/\/hotel-villadvor.hr\/wp-content\/uploads\/eco-solar-3-1024x683.jpg 1024w, https:\/\/hotel-villadvor.hr\/wp-content\/uploads\/eco-solar-3-768x512.jpg 768w, https:\/\/hotel-villadvor.hr\/wp-content\/uploads\/eco-solar-3-80x53.jpg 80w, https:\/\/hotel-villadvor.hr\/wp-content\/uploads\/eco-solar-3-600x400.jpg 600w, https:\/\/hotel-villadvor.hr\/wp-content\/uploads\/eco-solar-3.jpg 1200w\" sizes=\"(max-width: 300px) 100vw, 300px\" \/><\/figure>\n<\/figure>\n","protected":false},"excerpt":{"rendered":"<p>Compostage des d\u00e9chets municipaux et biod\u00e9gradables de cuisine et production d&#8217;humus Afin d&#8217;am\u00e9liorer la qualit\u00e9 environnementale et de r\u00e9duire les co\u00fbts d&#8217;\u00e9limination des d\u00e9chets municipaux et biod\u00e9gradables (parties vertes de plantes, tontes de gazon, feuilles, brindilles, cartons d&#8217;emballage, papier, d\u00e9chets de cuisine), l&#8217;H\u00f4tel Villa Dvor a install\u00e9 son propre composteur. L&#8217;air y est naturellement insuffl\u00e9 [&hellip;]<\/p>\n","protected":false},"author":1,"featured_media":0,"parent":0,"menu_order":0,"comment_status":"closed","ping_status":"closed","template":"","meta":{"footnotes":""},"class_list":["post-5450","page","type-page","status-publish","hentry"],"yoast_head":"<!-- This site is optimized with the Yoast SEO plugin v27.4 - https:\/\/yoast.com\/product\/yoast-seo-wordpress\/ -->\n<title>H\u00f4tel Villa Dvor, h\u00f4tel \u00e9cologique - Hotel Villa Dvor - Omis - Croatia<\/title>\n<meta name=\"description\" content=\"S\u00e9journez de mani\u00e8re durable dans notre h\u00f4tel \u00e9co-responsable certifi\u00e9 \u00e0 Omi\u0161, en Croatie. D\u00e9couvrez notre engagement en faveur du d\u00e9veloppement durable\u2026\" \/>\n<meta name=\"robots\" content=\"index, follow, max-snippet:-1, max-image-preview:large, max-video-preview:-1\" \/>\n<link rel=\"canonical\" href=\"https:\/\/hotel-villadvor.hr\/fr\/hotel-villa-dvor-hotel-ecologique\/\" \/>\n<meta property=\"og:locale\" content=\"fr_FR\" \/>\n<meta property=\"og:type\" content=\"article\" \/>\n<meta property=\"og:title\" content=\"H\u00f4tel Villa Dvor, h\u00f4tel \u00e9cologique - Hotel Villa Dvor - Omis - Croatia\" \/>\n<meta property=\"og:description\" content=\"S\u00e9journez de mani\u00e8re durable dans notre h\u00f4tel \u00e9co-responsable certifi\u00e9 \u00e0 Omi\u0161, en Croatie. D\u00e9couvrez notre engagement en faveur du d\u00e9veloppement durable\u2026\" \/>\n<meta property=\"og:url\" content=\"https:\/\/hotel-villadvor.hr\/fr\/hotel-villa-dvor-hotel-ecologique\/\" \/>\n<meta property=\"og:site_name\" content=\"Hotel Villa Dvor - Omis - Croatia\" \/>\n<meta property=\"article:publisher\" content=\"https:\/\/www.facebook.com\/hotelvilladvor\" \/>\n<meta property=\"article:modified_time\" content=\"2026-01-09T10:34:53+00:00\" \/>\n<meta property=\"og:image\" content=\"https:\/\/hotel-villadvor.hr\/wp-content\/uploads\/eco-garden-1-300x200.jpg\" \/>\n<meta name=\"twitter:card\" content=\"summary_large_image\" \/>\n<meta name=\"twitter:label1\" content=\"Dur\u00e9e de lecture estim\u00e9e\" \/>\n\t<meta name=\"twitter:data1\" content=\"5 minutes\" \/>\n<script type=\"application\/ld+json\" class=\"yoast-schema-graph\">{\"@context\":\"https:\\\/\\\/schema.org\",\"@graph\":[{\"@type\":\"WebPage\",\"@id\":\"https:\\\/\\\/hotel-villadvor.hr\\\/fr\\\/hotel-villa-dvor-hotel-ecologique\\\/\",\"url\":\"https:\\\/\\\/hotel-villadvor.hr\\\/fr\\\/hotel-villa-dvor-hotel-ecologique\\\/\",\"name\":\"H\u00f4tel Villa Dvor, h\u00f4tel \u00e9cologique - Hotel Villa Dvor - Omis - Croatia\",\"isPartOf\":{\"@id\":\"https:\\\/\\\/hotel-villadvor.hr\\\/fr\\\/#website\"},\"primaryImageOfPage\":{\"@id\":\"https:\\\/\\\/hotel-villadvor.hr\\\/fr\\\/hotel-villa-dvor-hotel-ecologique\\\/#primaryimage\"},\"image\":{\"@id\":\"https:\\\/\\\/hotel-villadvor.hr\\\/fr\\\/hotel-villa-dvor-hotel-ecologique\\\/#primaryimage\"},\"thumbnailUrl\":\"https:\\\/\\\/hotel-villadvor.hr\\\/wp-content\\\/uploads\\\/eco-garden-1-300x200.jpg\",\"datePublished\":\"2025-12-15T11:02:37+00:00\",\"dateModified\":\"2026-01-09T10:34:53+00:00\",\"description\":\"S\u00e9journez de mani\u00e8re durable dans notre h\u00f4tel \u00e9co-responsable certifi\u00e9 \u00e0 Omi\u0161, en Croatie. D\u00e9couvrez notre engagement en faveur du d\u00e9veloppement durable\u2026\",\"breadcrumb\":{\"@id\":\"https:\\\/\\\/hotel-villadvor.hr\\\/fr\\\/hotel-villa-dvor-hotel-ecologique\\\/#breadcrumb\"},\"inLanguage\":\"fr-FR\",\"potentialAction\":[{\"@type\":\"ReadAction\",\"target\":[\"https:\\\/\\\/hotel-villadvor.hr\\\/fr\\\/hotel-villa-dvor-hotel-ecologique\\\/\"]}]},{\"@type\":\"ImageObject\",\"inLanguage\":\"fr-FR\",\"@id\":\"https:\\\/\\\/hotel-villadvor.hr\\\/fr\\\/hotel-villa-dvor-hotel-ecologique\\\/#primaryimage\",\"url\":\"https:\\\/\\\/hotel-villadvor.hr\\\/wp-content\\\/uploads\\\/eco-garden-1-300x200.jpg\",\"contentUrl\":\"https:\\\/\\\/hotel-villadvor.hr\\\/wp-content\\\/uploads\\\/eco-garden-1-300x200.jpg\"},{\"@type\":\"BreadcrumbList\",\"@id\":\"https:\\\/\\\/hotel-villadvor.hr\\\/fr\\\/hotel-villa-dvor-hotel-ecologique\\\/#breadcrumb\",\"itemListElement\":[{\"@type\":\"ListItem\",\"position\":1,\"name\":\"Home\",\"item\":\"https:\\\/\\\/hotel-villadvor.hr\\\/fr\\\/\"},{\"@type\":\"ListItem\",\"position\":2,\"name\":\"H\u00f4tel Villa Dvor, h\u00f4tel \u00e9cologique\"}]},{\"@type\":\"WebSite\",\"@id\":\"https:\\\/\\\/hotel-villadvor.hr\\\/fr\\\/#website\",\"url\":\"https:\\\/\\\/hotel-villadvor.hr\\\/fr\\\/\",\"name\":\"Hotel Villa Dvor - Omis - Croatia\",\"description\":\"\",\"potentialAction\":[{\"@type\":\"SearchAction\",\"target\":{\"@type\":\"EntryPoint\",\"urlTemplate\":\"https:\\\/\\\/hotel-villadvor.hr\\\/fr\\\/?s={search_term_string}\"},\"query-input\":{\"@type\":\"PropertyValueSpecification\",\"valueRequired\":true,\"valueName\":\"search_term_string\"}}],\"inLanguage\":\"fr-FR\"}]}<\/script>\n<!-- \/ Yoast SEO plugin. -->","yoast_head_json":{"title":"H\u00f4tel Villa Dvor, h\u00f4tel \u00e9cologique - Hotel Villa Dvor - Omis - Croatia","description":"S\u00e9journez de mani\u00e8re durable dans notre h\u00f4tel \u00e9co-responsable certifi\u00e9 \u00e0 Omi\u0161, en Croatie. D\u00e9couvrez notre engagement en faveur du d\u00e9veloppement durable\u2026","robots":{"index":"index","follow":"follow","max-snippet":"max-snippet:-1","max-image-preview":"max-image-preview:large","max-video-preview":"max-video-preview:-1"},"canonical":"https:\/\/hotel-villadvor.hr\/fr\/hotel-villa-dvor-hotel-ecologique\/","og_locale":"fr_FR","og_type":"article","og_title":"H\u00f4tel Villa Dvor, h\u00f4tel \u00e9cologique - Hotel Villa Dvor - Omis - Croatia","og_description":"S\u00e9journez de mani\u00e8re durable dans notre h\u00f4tel \u00e9co-responsable certifi\u00e9 \u00e0 Omi\u0161, en Croatie. D\u00e9couvrez notre engagement en faveur du d\u00e9veloppement durable\u2026","og_url":"https:\/\/hotel-villadvor.hr\/fr\/hotel-villa-dvor-hotel-ecologique\/","og_site_name":"Hotel Villa Dvor - Omis - Croatia","article_publisher":"https:\/\/www.facebook.com\/hotelvilladvor","article_modified_time":"2026-01-09T10:34:53+00:00","og_image":[{"url":"https:\/\/hotel-villadvor.hr\/wp-content\/uploads\/eco-garden-1-300x200.jpg","type":"","width":"","height":""}],"twitter_card":"summary_large_image","twitter_misc":{"Dur\u00e9e de lecture estim\u00e9e":"5 minutes"},"schema":{"@context":"https:\/\/schema.org","@graph":[{"@type":"WebPage","@id":"https:\/\/hotel-villadvor.hr\/fr\/hotel-villa-dvor-hotel-ecologique\/","url":"https:\/\/hotel-villadvor.hr\/fr\/hotel-villa-dvor-hotel-ecologique\/","name":"H\u00f4tel Villa Dvor, h\u00f4tel \u00e9cologique - Hotel Villa Dvor - Omis - Croatia","isPartOf":{"@id":"https:\/\/hotel-villadvor.hr\/fr\/#website"},"primaryImageOfPage":{"@id":"https:\/\/hotel-villadvor.hr\/fr\/hotel-villa-dvor-hotel-ecologique\/#primaryimage"},"image":{"@id":"https:\/\/hotel-villadvor.hr\/fr\/hotel-villa-dvor-hotel-ecologique\/#primaryimage"},"thumbnailUrl":"https:\/\/hotel-villadvor.hr\/wp-content\/uploads\/eco-garden-1-300x200.jpg","datePublished":"2025-12-15T11:02:37+00:00","dateModified":"2026-01-09T10:34:53+00:00","description":"S\u00e9journez de mani\u00e8re durable dans notre h\u00f4tel \u00e9co-responsable certifi\u00e9 \u00e0 Omi\u0161, en Croatie. D\u00e9couvrez notre engagement en faveur du d\u00e9veloppement durable\u2026","breadcrumb":{"@id":"https:\/\/hotel-villadvor.hr\/fr\/hotel-villa-dvor-hotel-ecologique\/#breadcrumb"},"inLanguage":"fr-FR","potentialAction":[{"@type":"ReadAction","target":["https:\/\/hotel-villadvor.hr\/fr\/hotel-villa-dvor-hotel-ecologique\/"]}]},{"@type":"ImageObject","inLanguage":"fr-FR","@id":"https:\/\/hotel-villadvor.hr\/fr\/hotel-villa-dvor-hotel-ecologique\/#primaryimage","url":"https:\/\/hotel-villadvor.hr\/wp-content\/uploads\/eco-garden-1-300x200.jpg","contentUrl":"https:\/\/hotel-villadvor.hr\/wp-content\/uploads\/eco-garden-1-300x200.jpg"},{"@type":"BreadcrumbList","@id":"https:\/\/hotel-villadvor.hr\/fr\/hotel-villa-dvor-hotel-ecologique\/#breadcrumb","itemListElement":[{"@type":"ListItem","position":1,"name":"Home","item":"https:\/\/hotel-villadvor.hr\/fr\/"},{"@type":"ListItem","position":2,"name":"H\u00f4tel Villa Dvor, h\u00f4tel \u00e9cologique"}]},{"@type":"WebSite","@id":"https:\/\/hotel-villadvor.hr\/fr\/#website","url":"https:\/\/hotel-villadvor.hr\/fr\/","name":"Hotel Villa Dvor - Omis - Croatia","description":"","potentialAction":[{"@type":"SearchAction","target":{"@type":"EntryPoint","urlTemplate":"https:\/\/hotel-villadvor.hr\/fr\/?s={search_term_string}"},"query-input":{"@type":"PropertyValueSpecification","valueRequired":true,"valueName":"search_term_string"}}],"inLanguage":"fr-FR"}]}},"_links":{"self":[{"href":"https:\/\/hotel-villadvor.hr\/fr\/wp-json\/wp\/v2\/pages\/5450","targetHints":{"allow":["GET"]}}],"collection":[{"href":"https:\/\/hotel-villadvor.hr\/fr\/wp-json\/wp\/v2\/pages"}],"about":[{"href":"https:\/\/hotel-villadvor.hr\/fr\/wp-json\/wp\/v2\/types\/page"}],"author":[{"embeddable":true,"href":"https:\/\/hotel-villadvor.hr\/fr\/wp-json\/wp\/v2\/users\/1"}],"replies":[{"embeddable":true,"href":"https:\/\/hotel-villadvor.hr\/fr\/wp-json\/wp\/v2\/comments?post=5450"}],"version-history":[{"count":0,"href":"https:\/\/hotel-villadvor.hr\/fr\/wp-json\/wp\/v2\/pages\/5450\/revisions"}],"wp:attachment":[{"href":"https:\/\/hotel-villadvor.hr\/fr\/wp-json\/wp\/v2\/media?parent=5450"}],"curies":[{"name":"wp","href":"https:\/\/api.w.org\/{rel}","templated":true}]}}