{"id":5474,"date":"2025-12-15T11:02:37","date_gmt":"2025-12-15T11:02:37","guid":{"rendered":"https:\/\/hotel-villadvor.hr\/hotel-villa-dvor-kornyezetbarat-hotel\/"},"modified":"2026-01-09T10:38:18","modified_gmt":"2026-01-09T10:38:18","slug":"hotel-villa-dvor-kornyezetbarat-hotel","status":"publish","type":"page","link":"https:\/\/hotel-villadvor.hr\/hu\/hotel-villa-dvor-kornyezetbarat-hotel\/","title":{"rendered":"Hotel Villa Dvor K\u00f6rnyezetbar\u00e1t Hotel"},"content":{"rendered":"\n<h2 class=\"wp-block-heading\">Telep\u00fcl\u00e9si \u00e9s biol\u00f3giailag leboml\u00f3 konyhai hullad\u00e9k komposzt\u00e1l\u00e1sa \u00e9s humusz el\u0151\u00e1ll\u00edt\u00e1sa<\/h2>\n\n<p>A k\u00f6rnyezetmin\u0151s\u00e9g jav\u00edt\u00e1sa, valamint a kommun\u00e1lis \u00e9s biol\u00f3giailag leboml\u00f3 hullad\u00e9k (z\u00f6ld n\u00f6v\u00e9nyi r\u00e9szek, f\u0171nyesed\u00e9k, levelek, gallyak, csomagol\u00f3 karton, pap\u00edr, konyhai hullad\u00e9k) \u00e1rtalmatlan\u00edt\u00e1si k\u00f6lts\u00e9geinek cs\u00f6kkent\u00e9se \u00e9rdek\u00e9ben a Hotel Villa Dvor saj\u00e1t komposzt\u00e1l\u00f3egys\u00e9get \u00e9p\u00edtett, amelybe a leveg\u0151 term\u00e9szetes \u00faton jut be a gipszkartonon kereszt\u00fcl, \u00e9s a kever\u00e9ket id\u0151nk\u00e9nt megkeverik a megfelel\u0151 erjed\u00e9s \u00e9rdek\u00e9ben. Az \u00e9ves komposzt\u00e1lt hullad\u00e9k mennyis\u00e9ge k\u00f6r\u00fclbel\u00fcl 5000 liter. Az \u00f6sszes \u00fcveg- \u00e9s PET-csomagol\u00e1st, amely\u00e9rt visszav\u00e9teli d\u00edjat sz\u00e1m\u00edtanak fel, visszajuttatj\u00e1k a sz\u00e1ll\u00edt\u00f3nak, a t\u00f6bbit pedig \u00fajrahasznos\u00edtj\u00e1k. Ezenk\u00edv\u00fcl a konyh\u00e1b\u00f3l sz\u00e1rmaz\u00f3 haszn\u00e1lt olajat is \u00fajrahasznos\u00edtj\u00e1k. Az erjed\u00e9s ut\u00e1n kapott kever\u00e9ket giliszta\u00e1gy\u00e1sokba (Eisenia fetida) helyezik \u00e1t, ahol a komposztot gilisztakomposztt\u00e1 &#8211; fed\u0151humuszs\u00e1 &#8211; dolgozz\u00e1k fel. \u00cdgy \u00e1ll\u00edtunk el\u0151 k\u00f6r\u00fclbel\u00fcl 2000 liter pr\u00e9mium humuszt. A humusz gazdag\u00edtja a talajt, \u00e9s saj\u00e1t kert\u00fcnkben \u00e9lelmiszerk\u00e9nt haszn\u00e1ljuk fel a sz\u00e1lloda z\u00f6lds\u00e9gtermeszt\u00e9s\u00e9hez.      <\/p>\n\n<figure class=\"wp-block-gallery has-nested-images columns-4 is-cropped wp-block-gallery-1 is-layout-flex wp-block-gallery-is-layout-flex\">\n<figure class=\"wp-block-image size-medium\"><img fetchpriority=\"high\" decoding=\"async\" width=\"300\" height=\"200\" data-id=\"4113\" src=\"https:\/\/hotel-villadvor.hr\/wp-content\/uploads\/eco-garden-1-300x200.jpg\" alt=\"\" class=\"wp-image-4113\" srcset=\"https:\/\/hotel-villadvor.hr\/wp-content\/uploads\/eco-garden-1-300x200.jpg 300w, https:\/\/hotel-villadvor.hr\/wp-content\/uploads\/eco-garden-1-1024x683.jpg 1024w, https:\/\/hotel-villadvor.hr\/wp-content\/uploads\/eco-garden-1-768x512.jpg 768w, https:\/\/hotel-villadvor.hr\/wp-content\/uploads\/eco-garden-1-80x53.jpg 80w, https:\/\/hotel-villadvor.hr\/wp-content\/uploads\/eco-garden-1-600x400.jpg 600w, https:\/\/hotel-villadvor.hr\/wp-content\/uploads\/eco-garden-1.jpg 1200w\" sizes=\"(max-width: 300px) 100vw, 300px\" \/><\/figure>\n\n\n\n<figure class=\"wp-block-image size-large\"><img decoding=\"async\" width=\"1024\" height=\"683\" data-id=\"4115\" src=\"https:\/\/hotel-villadvor.hr\/wp-content\/uploads\/eco-garden-3-1024x683.jpg\" alt=\"\" class=\"wp-image-4115\" srcset=\"https:\/\/hotel-villadvor.hr\/wp-content\/uploads\/eco-garden-3-1024x683.jpg 1024w, https:\/\/hotel-villadvor.hr\/wp-content\/uploads\/eco-garden-3-300x200.jpg 300w, https:\/\/hotel-villadvor.hr\/wp-content\/uploads\/eco-garden-3-768x512.jpg 768w, https:\/\/hotel-villadvor.hr\/wp-content\/uploads\/eco-garden-3-80x53.jpg 80w, https:\/\/hotel-villadvor.hr\/wp-content\/uploads\/eco-garden-3-600x400.jpg 600w, https:\/\/hotel-villadvor.hr\/wp-content\/uploads\/eco-garden-3.jpg 1200w\" sizes=\"(max-width: 1024px) 100vw, 1024px\" \/><\/figure>\n\n\n\n<figure class=\"wp-block-image size-large\"><img decoding=\"async\" width=\"1024\" height=\"683\" data-id=\"4114\" src=\"https:\/\/hotel-villadvor.hr\/wp-content\/uploads\/eco-garden-2-1024x683.jpg\" alt=\"\" class=\"wp-image-4114\" srcset=\"https:\/\/hotel-villadvor.hr\/wp-content\/uploads\/eco-garden-2-1024x683.jpg 1024w, https:\/\/hotel-villadvor.hr\/wp-content\/uploads\/eco-garden-2-300x200.jpg 300w, https:\/\/hotel-villadvor.hr\/wp-content\/uploads\/eco-garden-2-768x512.jpg 768w, https:\/\/hotel-villadvor.hr\/wp-content\/uploads\/eco-garden-2-80x53.jpg 80w, https:\/\/hotel-villadvor.hr\/wp-content\/uploads\/eco-garden-2-600x400.jpg 600w, https:\/\/hotel-villadvor.hr\/wp-content\/uploads\/eco-garden-2.jpg 1200w\" sizes=\"(max-width: 1024px) 100vw, 1024px\" \/><\/figure>\n\n\n\n<figure class=\"wp-block-image size-large\"><img loading=\"lazy\" decoding=\"async\" width=\"1024\" height=\"683\" data-id=\"4116\" src=\"https:\/\/hotel-villadvor.hr\/wp-content\/uploads\/eco-garden-4-1024x683.jpg\" alt=\"\" class=\"wp-image-4116\" srcset=\"https:\/\/hotel-villadvor.hr\/wp-content\/uploads\/eco-garden-4-1024x683.jpg 1024w, https:\/\/hotel-villadvor.hr\/wp-content\/uploads\/eco-garden-4-300x200.jpg 300w, https:\/\/hotel-villadvor.hr\/wp-content\/uploads\/eco-garden-4-768x512.jpg 768w, https:\/\/hotel-villadvor.hr\/wp-content\/uploads\/eco-garden-4-80x53.jpg 80w, https:\/\/hotel-villadvor.hr\/wp-content\/uploads\/eco-garden-4-600x400.jpg 600w, https:\/\/hotel-villadvor.hr\/wp-content\/uploads\/eco-garden-4.jpg 1200w\" sizes=\"(max-width: 1024px) 100vw, 1024px\" \/><\/figure>\n<\/figure>\n\n<div style=\"height:39px\" aria-hidden=\"true\" class=\"wp-block-spacer\"><\/div>\n\n<h2 class=\"wp-block-heading\">H\u0151t nyer\u00fcnk a Cetina foly\u00f3b\u00f3l<\/h2>\n\n<p>A Spliti G\u00e9p\u00e9szm\u00e9rn\u00f6ki Karral egy\u00fcttm\u0171k\u00f6dve tervezt\u00fcnk \u00e9s gy\u00e1rtottunk h\u0151szivatty\u00fas rendszereket a sz\u00e1lloda f\u0171t\u00e9s\u00e9re \u00e9s h\u0171t\u00e9s\u00e9re, valamint melegv\u00edz el\u0151\u00e1ll\u00edt\u00e1s\u00e1ra. Megszerezt\u00fck az enged\u00e9lyt\/koncesszi\u00f3t a Cetina foly\u00f3n t\u00f6rt\u00e9n\u0151 v\u00edz\u00fczemeltet\u00e9sre. A h\u0151szivatty\u00fa k\u00e9t k\u00fcl\u00f6n\u00e1ll\u00f3 k\u00f6rb\u0151l \u00e1ll. Az egyiket haszn\u00e1lati melegv\u00edz el\u0151\u00e1ll\u00edt\u00e1s\u00e1ra haszn\u00e1lj\u00e1k, amikor a h\u0171t\u0151rendszer nem m\u0171k\u00f6dik. A m\u00e1sodik k\u00f6rt a sz\u00e1lloda helyis\u00e9geinek f\u0171t\u00e9s\u00e9re \u00e9s h\u0171t\u00e9s\u00e9re haszn\u00e1lj\u00e1k. Amikor a h\u0171t\u0151rendszer m\u0171k\u00f6dik, a hullad\u00e9kh\u0151t a haszn\u00e1lati melegv\u00edz meleg\u00edt\u00e9s\u00e9re haszn\u00e1lj\u00e1k fel. Ez a rendszer \u00f6n\u00e1ll\u00f3an termeli a sz\u00e1lloda ig\u00e9nyeihez sz\u00fcks\u00e9ges \u00f6sszes h\u0151t. A fogyasztott \u00e9s termelt energia egy\u00fctthat\u00f3ja k\u00f6r\u00fclbel\u00fcl 1:5. A sz\u00e1lloda minden szob\u00e1ja, bele\u00e9rtve a folyos\u00f3kat is, \u00f6n\u00e1ll\u00f3 h\u0151m\u00e9rs\u00e9klet-szab\u00e1lyoz\u00e1ssal rendelkezik, ami tov\u00e1bb cs\u00f6kkenti a h\u0151fogyaszt\u00e1st, \u00e9s a fan-coil automatikusan le\u00e1ll, amint kinyitja az ablakot a szob\u00e1ban. Minden ablak h\u0151szigetel\u0151 \u00fcvegb\u0151l k\u00e9sz\u00fclt, a sz\u00e1lloda homlokzata \u00e9s tet\u0151terasza pedig 8 cm-es hungarocellel van szigetelve, ami tov\u00e1bb cs\u00f6kkenti az energiavesztes\u00e9get. A sz\u00e1lloda p\u00e9nz\u00fcgyi el\u0151nyein k\u00edv\u00fcl jelent\u0151s hozz\u00e1j\u00e1rul\u00e1s a k\u00f6rnyezetv\u00e9delemhez is. Cs\u00f6kkenti a helyi szint\u0171 hullad\u00e9kgazd\u00e1lkod\u00e1s k\u00f6lts\u00e9geit \u00e9s cs\u00f6kkenti a sz\u00e9n-dioxid-kibocs\u00e1t\u00e1st.            <\/p>\n\n<div style=\"height:39px\" aria-hidden=\"true\" class=\"wp-block-spacer\"><\/div>\n\n<h2 class=\"wp-block-heading\">Az iv\u00f3v\u00edz fogyaszt\u00e1sa<\/h2>\n\n<p>Az iv\u00f3v\u00edz racion\u00e1lis felhaszn\u00e1l\u00e1sa \u00e9rdek\u00e9ben k\u00e9tz\u00f3n\u00e1s \u00f6bl\u00edt\u00e9s\u0171 WC-tart\u00e1lyokat szerelt\u00fcnk be, amelyek \u00f6bl\u00edt\u00e9senk\u00e9nt 3 vagy 6 liter vizet biztos\u00edtanak. A nyilv\u00e1nos WC-kben \u00e9rz\u00e9kel\u0151s csaptelepeket szerelt\u00fcnk fel, \u00e9s minden f\u00fcrd\u0151szob\u00e1ban be\u00e9p\u00edtett termosztatikus k\u00e1dcsaptelep tal\u00e1lhat\u00f3, amely szab\u00e1lyozza a k\u00e1dban l\u00e9v\u0151 v\u00edz h\u0151m\u00e9rs\u00e9klet\u00e9t. Ezenk\u00edv\u00fcl minden csaptelep be\u00e9p\u00edtett Perlati e.-vel rendelkezik, amely keveri a vizet \u00e9s a leveg\u0151t, \u00edgy a folyamat ak\u00e1r 50%-kal kevesebb iv\u00f3vizet haszn\u00e1l, \u00e9s a zuhanyz\u00e1s \u00e9rz\u00e9se sokkal jobb, mivel l\u00e1gy sugarat \u00e9s b\u0151s\u00e9ges mennyis\u00e9get kap. A szob\u00e1kban \u00e9s a nyilv\u00e1nos WC-kben tal\u00e1lhat\u00f3 samponok \u00e9s szappanok pH-semlegesek \u00e9s \u00f6ko tan\u00fas\u00edtv\u00e1nnyal rendelkeznek, a mos\u00f3g\u00e9pekben \u00e9s mosogat\u00f3g\u00e9pekben haszn\u00e1lt mos\u00f3szerek pedig biol\u00f3giailag leboml\u00f3ak. Az iv\u00f3v\u00edz megtakar\u00edt\u00e1s\u00e1t a sz\u00e1lloda k\u00f6rnyezet\u00e9nek meg\u0151rz\u00e9s\u00e9vel \u00e9rj\u00fck el. A sz\u00e1lloda k\u00f6rnyezet\u00e9ben tal\u00e1lhat\u00f3 \u00f6sszes n\u00f6v\u00e9ny \u0151shonos n\u00f6v\u00e9nyfaj (zs\u00e1lya, levendula, rozmaring, sepr\u0171fa, olajbogy\u00f3, k\u00fcl\u00f6nb\u00f6z\u0151 \u00e9vel\u0151 n\u00f6v\u00e9nyek), amelyek sokkal ellen\u00e1ll\u00f3bbak a helyi \u00e9ghajlati viszonyokkal szemben (karsztos ter\u00fcletek, ny\u00e1ri v\u00edzhi\u00e1ny, t\u00e9li viharok), \u00e9s ez cs\u00f6kkenti az \u00f6nt\u00f6z\u00e9shez \u00e9s a humusz t\u00e1poldatoz\u00e1s\u00e1hoz sz\u00fcks\u00e9ges v\u00edzfogyaszt\u00e1st, \u00edgy tart\u00f3sabbak \u00e9s ellen\u00e1ll\u00f3bbak.      <\/p>\n\n<div style=\"height:39px\" aria-hidden=\"true\" class=\"wp-block-spacer\"><\/div>\n\n<h2 class=\"wp-block-heading\">Energiamegtakar\u00edt\u00e1s<\/h2>\n\n<p>Az energi\u00e1t a f\u0171t\u00e9sen \u00e9s a vil\u00e1g\u00edt\u00e1son is megtakar\u00edtjuk. A sz\u00e1llod\u00e1ban energiatakar\u00e9kos vil\u00e1g\u00edt\u00f3testeket szerelt\u00fcnk fel. 2011 \u00f3ta minden egyes ki\u00e9gett energiatakar\u00e9kos l\u00e1mp\u00e1t LED-izz\u00f3kra cser\u00e9l\u00fcnk, amelyek ak\u00e1r h\u00e9tszer kevesebbet fogyasztanak, mint a f\u00e9nycs\u00f6vek. A CO2-kibocs\u00e1t\u00e1s cs\u00f6kkent\u00e9se \u00e9s a meg\u00fajul\u00f3 energiaforr\u00e1sok felhaszn\u00e1l\u00e1sa \u00e9rdek\u00e9ben elk\u00e9sz\u00edtett\u00fcnk egy 24 kW-os fotovoltaikus er\u0151m\u0171 projektet, amelyet 2014 \u00e1prilis\u00e1ban helyezt\u00fcnk \u00fczembe. A 24 kW-os fotovoltaikus er\u0151m\u0171 mellett h\u00e1rom napkollektort is telep\u00edtett\u00fcnk, amelyek \u00f6sszteljes\u00edtm\u00e9nye 5 kW, a melegv\u00edz tov\u00e1bbi meleg\u00edt\u00e9s\u00e9hez. A sz\u00e1lloda be\u00e9p\u00edtett egy protot\u00edpus liftet, amely, ha a kabin \u00e9s a saj\u00e1t s\u00faly k\u00f6z\u00f6tti s\u00falyk\u00fcl\u00f6nbs\u00e9g meghaladja a 130 kg-ot, att\u00f3l f\u00fcgg\u0151en, hogy a lift felfel\u00e9 vagy lefel\u00e9 halad-e, 3,9 kW-ot termel.     <\/p>\n\n<figure class=\"wp-block-gallery has-nested-images columns-4 is-cropped wp-block-gallery-2 is-layout-flex wp-block-gallery-is-layout-flex\">\n<figure class=\"wp-block-image size-medium\"><img loading=\"lazy\" decoding=\"async\" width=\"300\" height=\"200\" data-id=\"4117\" src=\"https:\/\/hotel-villadvor.hr\/wp-content\/uploads\/eco-ev-carger-2-300x200.jpg\" alt=\"\" class=\"wp-image-4117\" srcset=\"https:\/\/hotel-villadvor.hr\/wp-content\/uploads\/eco-ev-carger-2-300x200.jpg 300w, https:\/\/hotel-villadvor.hr\/wp-content\/uploads\/eco-ev-carger-2-1024x683.jpg 1024w, https:\/\/hotel-villadvor.hr\/wp-content\/uploads\/eco-ev-carger-2-768x512.jpg 768w, https:\/\/hotel-villadvor.hr\/wp-content\/uploads\/eco-ev-carger-2-80x53.jpg 80w, https:\/\/hotel-villadvor.hr\/wp-content\/uploads\/eco-ev-carger-2-600x400.jpg 600w, https:\/\/hotel-villadvor.hr\/wp-content\/uploads\/eco-ev-carger-2.jpg 1200w\" sizes=\"(max-width: 300px) 100vw, 300px\" \/><\/figure>\n\n\n\n<figure class=\"wp-block-image size-medium\"><img loading=\"lazy\" decoding=\"async\" width=\"300\" height=\"200\" data-id=\"4119\" src=\"https:\/\/hotel-villadvor.hr\/wp-content\/uploads\/eco-solar-2-300x200.jpg\" alt=\"\" class=\"wp-image-4119\" srcset=\"https:\/\/hotel-villadvor.hr\/wp-content\/uploads\/eco-solar-2-300x200.jpg 300w, https:\/\/hotel-villadvor.hr\/wp-content\/uploads\/eco-solar-2-1024x683.jpg 1024w, https:\/\/hotel-villadvor.hr\/wp-content\/uploads\/eco-solar-2-768x512.jpg 768w, https:\/\/hotel-villadvor.hr\/wp-content\/uploads\/eco-solar-2-80x53.jpg 80w, https:\/\/hotel-villadvor.hr\/wp-content\/uploads\/eco-solar-2-600x400.jpg 600w, https:\/\/hotel-villadvor.hr\/wp-content\/uploads\/eco-solar-2.jpg 1200w\" sizes=\"(max-width: 300px) 100vw, 300px\" \/><\/figure>\n\n\n\n<figure class=\"wp-block-image size-medium\"><img loading=\"lazy\" decoding=\"async\" width=\"300\" height=\"200\" data-id=\"4120\" src=\"https:\/\/hotel-villadvor.hr\/wp-content\/uploads\/eco-solar-3-300x200.jpg\" alt=\"\" class=\"wp-image-4120\" srcset=\"https:\/\/hotel-villadvor.hr\/wp-content\/uploads\/eco-solar-3-300x200.jpg 300w, https:\/\/hotel-villadvor.hr\/wp-content\/uploads\/eco-solar-3-1024x683.jpg 1024w, https:\/\/hotel-villadvor.hr\/wp-content\/uploads\/eco-solar-3-768x512.jpg 768w, https:\/\/hotel-villadvor.hr\/wp-content\/uploads\/eco-solar-3-80x53.jpg 80w, https:\/\/hotel-villadvor.hr\/wp-content\/uploads\/eco-solar-3-600x400.jpg 600w, https:\/\/hotel-villadvor.hr\/wp-content\/uploads\/eco-solar-3.jpg 1200w\" sizes=\"(max-width: 300px) 100vw, 300px\" \/><\/figure>\n\n\n\n<figure class=\"wp-block-image size-medium\"><img loading=\"lazy\" decoding=\"async\" width=\"300\" height=\"200\" data-id=\"4118\" src=\"https:\/\/hotel-villadvor.hr\/wp-content\/uploads\/eco-solar-1-300x200.jpg\" alt=\"\" class=\"wp-image-4118\" srcset=\"https:\/\/hotel-villadvor.hr\/wp-content\/uploads\/eco-solar-1-300x200.jpg 300w, https:\/\/hotel-villadvor.hr\/wp-content\/uploads\/eco-solar-1-1024x683.jpg 1024w, https:\/\/hotel-villadvor.hr\/wp-content\/uploads\/eco-solar-1-768x512.jpg 768w, https:\/\/hotel-villadvor.hr\/wp-content\/uploads\/eco-solar-1-80x53.jpg 80w, https:\/\/hotel-villadvor.hr\/wp-content\/uploads\/eco-solar-1-600x400.jpg 600w, https:\/\/hotel-villadvor.hr\/wp-content\/uploads\/eco-solar-1.jpg 1200w\" sizes=\"(max-width: 300px) 100vw, 300px\" \/><\/figure>\n<\/figure>\n","protected":false},"excerpt":{"rendered":"<p>Telep\u00fcl\u00e9si \u00e9s biol\u00f3giailag leboml\u00f3 konyhai hullad\u00e9k komposzt\u00e1l\u00e1sa \u00e9s humusz el\u0151\u00e1ll\u00edt\u00e1sa A k\u00f6rnyezetmin\u0151s\u00e9g jav\u00edt\u00e1sa, valamint a kommun\u00e1lis \u00e9s biol\u00f3giailag leboml\u00f3 hullad\u00e9k (z\u00f6ld n\u00f6v\u00e9nyi r\u00e9szek, f\u0171nyesed\u00e9k, levelek, gallyak, csomagol\u00f3 karton, pap\u00edr, konyhai hullad\u00e9k) \u00e1rtalmatlan\u00edt\u00e1si k\u00f6lts\u00e9geinek cs\u00f6kkent\u00e9se \u00e9rdek\u00e9ben a Hotel Villa Dvor saj\u00e1t komposzt\u00e1l\u00f3egys\u00e9get \u00e9p\u00edtett, amelybe a leveg\u0151 term\u00e9szetes \u00faton jut be a gipszkartonon kereszt\u00fcl, \u00e9s a kever\u00e9ket [&hellip;]<\/p>\n","protected":false},"author":1,"featured_media":0,"parent":0,"menu_order":0,"comment_status":"closed","ping_status":"closed","template":"","meta":{"footnotes":""},"class_list":["post-5474","page","type-page","status-publish","hentry"],"yoast_head":"<!-- This site is optimized with the Yoast SEO plugin v27.4 - https:\/\/yoast.com\/product\/yoast-seo-wordpress\/ -->\n<title>Hotel Villa Dvor K\u00f6rnyezetbar\u00e1t Hotel - Hotel Villa Dvor - Omis - Croatia<\/title>\n<meta name=\"description\" content=\"Sz\u00e1lljon meg tan\u00fas\u00edtott k\u00f6rnyezetbar\u00e1t sz\u00e1llod\u00e1nkban Omi\u0161ban, Horv\u00e1torsz\u00e1gban. Fedezze fel elk\u00f6telezetts\u00e9g\u00fcnket a fenntarthat\u00f3s\u00e1g ir\u00e1nt...\" \/>\n<meta name=\"robots\" content=\"index, follow, max-snippet:-1, max-image-preview:large, max-video-preview:-1\" \/>\n<link rel=\"canonical\" href=\"https:\/\/hotel-villadvor.hr\/hu\/hotel-villa-dvor-kornyezetbarat-hotel\/\" \/>\n<meta property=\"og:locale\" content=\"hu_HU\" \/>\n<meta property=\"og:type\" content=\"article\" \/>\n<meta property=\"og:title\" content=\"Hotel Villa Dvor K\u00f6rnyezetbar\u00e1t Hotel - Hotel Villa Dvor - Omis - Croatia\" \/>\n<meta property=\"og:description\" content=\"Sz\u00e1lljon meg tan\u00fas\u00edtott k\u00f6rnyezetbar\u00e1t sz\u00e1llod\u00e1nkban Omi\u0161ban, Horv\u00e1torsz\u00e1gban. Fedezze fel elk\u00f6telezetts\u00e9g\u00fcnket a fenntarthat\u00f3s\u00e1g ir\u00e1nt...\" \/>\n<meta property=\"og:url\" content=\"https:\/\/hotel-villadvor.hr\/hu\/hotel-villa-dvor-kornyezetbarat-hotel\/\" \/>\n<meta property=\"og:site_name\" content=\"Hotel Villa Dvor - Omis - Croatia\" \/>\n<meta property=\"article:publisher\" content=\"https:\/\/www.facebook.com\/hotelvilladvor\" \/>\n<meta property=\"article:modified_time\" content=\"2026-01-09T10:38:18+00:00\" \/>\n<meta property=\"og:image\" content=\"https:\/\/hotel-villadvor.hr\/wp-content\/uploads\/eco-garden-1.jpg\" \/>\n\t<meta property=\"og:image:width\" content=\"1200\" \/>\n\t<meta property=\"og:image:height\" content=\"800\" \/>\n\t<meta property=\"og:image:type\" content=\"image\/jpeg\" \/>\n<meta name=\"twitter:card\" content=\"summary_large_image\" \/>\n<meta name=\"twitter:label1\" content=\"Becs\u00fclt olvas\u00e1si id\u0151\" \/>\n\t<meta name=\"twitter:data1\" content=\"5 perc\" \/>\n<script type=\"application\/ld+json\" class=\"yoast-schema-graph\">{\"@context\":\"https:\\\/\\\/schema.org\",\"@graph\":[{\"@type\":\"WebPage\",\"@id\":\"https:\\\/\\\/hotel-villadvor.hr\\\/hu\\\/hotel-villa-dvor-kornyezetbarat-hotel\\\/\",\"url\":\"https:\\\/\\\/hotel-villadvor.hr\\\/hu\\\/hotel-villa-dvor-kornyezetbarat-hotel\\\/\",\"name\":\"Hotel Villa Dvor K\u00f6rnyezetbar\u00e1t Hotel - Hotel Villa Dvor - Omis - Croatia\",\"isPartOf\":{\"@id\":\"https:\\\/\\\/hotel-villadvor.hr\\\/hu\\\/#website\"},\"primaryImageOfPage\":{\"@id\":\"https:\\\/\\\/hotel-villadvor.hr\\\/hu\\\/hotel-villa-dvor-kornyezetbarat-hotel\\\/#primaryimage\"},\"image\":{\"@id\":\"https:\\\/\\\/hotel-villadvor.hr\\\/hu\\\/hotel-villa-dvor-kornyezetbarat-hotel\\\/#primaryimage\"},\"thumbnailUrl\":\"https:\\\/\\\/hotel-villadvor.hr\\\/wp-content\\\/uploads\\\/eco-garden-1-300x200.jpg\",\"datePublished\":\"2025-12-15T11:02:37+00:00\",\"dateModified\":\"2026-01-09T10:38:18+00:00\",\"description\":\"Sz\u00e1lljon meg tan\u00fas\u00edtott k\u00f6rnyezetbar\u00e1t sz\u00e1llod\u00e1nkban Omi\u0161ban, Horv\u00e1torsz\u00e1gban. Fedezze fel elk\u00f6telezetts\u00e9g\u00fcnket a fenntarthat\u00f3s\u00e1g ir\u00e1nt...\",\"breadcrumb\":{\"@id\":\"https:\\\/\\\/hotel-villadvor.hr\\\/hu\\\/hotel-villa-dvor-kornyezetbarat-hotel\\\/#breadcrumb\"},\"inLanguage\":\"hu\",\"potentialAction\":[{\"@type\":\"ReadAction\",\"target\":[\"https:\\\/\\\/hotel-villadvor.hr\\\/hu\\\/hotel-villa-dvor-kornyezetbarat-hotel\\\/\"]}]},{\"@type\":\"ImageObject\",\"inLanguage\":\"hu\",\"@id\":\"https:\\\/\\\/hotel-villadvor.hr\\\/hu\\\/hotel-villa-dvor-kornyezetbarat-hotel\\\/#primaryimage\",\"url\":\"https:\\\/\\\/hotel-villadvor.hr\\\/wp-content\\\/uploads\\\/eco-garden-1-300x200.jpg\",\"contentUrl\":\"https:\\\/\\\/hotel-villadvor.hr\\\/wp-content\\\/uploads\\\/eco-garden-1-300x200.jpg\"},{\"@type\":\"BreadcrumbList\",\"@id\":\"https:\\\/\\\/hotel-villadvor.hr\\\/hu\\\/hotel-villa-dvor-kornyezetbarat-hotel\\\/#breadcrumb\",\"itemListElement\":[{\"@type\":\"ListItem\",\"position\":1,\"name\":\"Home\",\"item\":\"https:\\\/\\\/hotel-villadvor.hr\\\/hu\\\/\"},{\"@type\":\"ListItem\",\"position\":2,\"name\":\"Hotel Villa Dvor K\u00f6rnyezetbar\u00e1t Hotel\"}]},{\"@type\":\"WebSite\",\"@id\":\"https:\\\/\\\/hotel-villadvor.hr\\\/hu\\\/#website\",\"url\":\"https:\\\/\\\/hotel-villadvor.hr\\\/hu\\\/\",\"name\":\"Hotel Villa Dvor - Omis - Croatia\",\"description\":\"\",\"potentialAction\":[{\"@type\":\"SearchAction\",\"target\":{\"@type\":\"EntryPoint\",\"urlTemplate\":\"https:\\\/\\\/hotel-villadvor.hr\\\/hu\\\/?s={search_term_string}\"},\"query-input\":{\"@type\":\"PropertyValueSpecification\",\"valueRequired\":true,\"valueName\":\"search_term_string\"}}],\"inLanguage\":\"hu\"}]}<\/script>\n<!-- \/ Yoast SEO plugin. -->","yoast_head_json":{"title":"Hotel Villa Dvor K\u00f6rnyezetbar\u00e1t Hotel - Hotel Villa Dvor - Omis - Croatia","description":"Sz\u00e1lljon meg tan\u00fas\u00edtott k\u00f6rnyezetbar\u00e1t sz\u00e1llod\u00e1nkban Omi\u0161ban, Horv\u00e1torsz\u00e1gban. Fedezze fel elk\u00f6telezetts\u00e9g\u00fcnket a fenntarthat\u00f3s\u00e1g ir\u00e1nt...","robots":{"index":"index","follow":"follow","max-snippet":"max-snippet:-1","max-image-preview":"max-image-preview:large","max-video-preview":"max-video-preview:-1"},"canonical":"https:\/\/hotel-villadvor.hr\/hu\/hotel-villa-dvor-kornyezetbarat-hotel\/","og_locale":"hu_HU","og_type":"article","og_title":"Hotel Villa Dvor K\u00f6rnyezetbar\u00e1t Hotel - Hotel Villa Dvor - Omis - Croatia","og_description":"Sz\u00e1lljon meg tan\u00fas\u00edtott k\u00f6rnyezetbar\u00e1t sz\u00e1llod\u00e1nkban Omi\u0161ban, Horv\u00e1torsz\u00e1gban. Fedezze fel elk\u00f6telezetts\u00e9g\u00fcnket a fenntarthat\u00f3s\u00e1g ir\u00e1nt...","og_url":"https:\/\/hotel-villadvor.hr\/hu\/hotel-villa-dvor-kornyezetbarat-hotel\/","og_site_name":"Hotel Villa Dvor - Omis - Croatia","article_publisher":"https:\/\/www.facebook.com\/hotelvilladvor","article_modified_time":"2026-01-09T10:38:18+00:00","og_image":[{"width":1200,"height":800,"url":"https:\/\/hotel-villadvor.hr\/wp-content\/uploads\/eco-garden-1.jpg","type":"image\/jpeg"}],"twitter_card":"summary_large_image","twitter_misc":{"Becs\u00fclt olvas\u00e1si id\u0151":"5 perc"},"schema":{"@context":"https:\/\/schema.org","@graph":[{"@type":"WebPage","@id":"https:\/\/hotel-villadvor.hr\/hu\/hotel-villa-dvor-kornyezetbarat-hotel\/","url":"https:\/\/hotel-villadvor.hr\/hu\/hotel-villa-dvor-kornyezetbarat-hotel\/","name":"Hotel Villa Dvor K\u00f6rnyezetbar\u00e1t Hotel - Hotel Villa Dvor - Omis - Croatia","isPartOf":{"@id":"https:\/\/hotel-villadvor.hr\/hu\/#website"},"primaryImageOfPage":{"@id":"https:\/\/hotel-villadvor.hr\/hu\/hotel-villa-dvor-kornyezetbarat-hotel\/#primaryimage"},"image":{"@id":"https:\/\/hotel-villadvor.hr\/hu\/hotel-villa-dvor-kornyezetbarat-hotel\/#primaryimage"},"thumbnailUrl":"https:\/\/hotel-villadvor.hr\/wp-content\/uploads\/eco-garden-1-300x200.jpg","datePublished":"2025-12-15T11:02:37+00:00","dateModified":"2026-01-09T10:38:18+00:00","description":"Sz\u00e1lljon meg tan\u00fas\u00edtott k\u00f6rnyezetbar\u00e1t sz\u00e1llod\u00e1nkban Omi\u0161ban, Horv\u00e1torsz\u00e1gban. Fedezze fel elk\u00f6telezetts\u00e9g\u00fcnket a fenntarthat\u00f3s\u00e1g ir\u00e1nt...","breadcrumb":{"@id":"https:\/\/hotel-villadvor.hr\/hu\/hotel-villa-dvor-kornyezetbarat-hotel\/#breadcrumb"},"inLanguage":"hu","potentialAction":[{"@type":"ReadAction","target":["https:\/\/hotel-villadvor.hr\/hu\/hotel-villa-dvor-kornyezetbarat-hotel\/"]}]},{"@type":"ImageObject","inLanguage":"hu","@id":"https:\/\/hotel-villadvor.hr\/hu\/hotel-villa-dvor-kornyezetbarat-hotel\/#primaryimage","url":"https:\/\/hotel-villadvor.hr\/wp-content\/uploads\/eco-garden-1-300x200.jpg","contentUrl":"https:\/\/hotel-villadvor.hr\/wp-content\/uploads\/eco-garden-1-300x200.jpg"},{"@type":"BreadcrumbList","@id":"https:\/\/hotel-villadvor.hr\/hu\/hotel-villa-dvor-kornyezetbarat-hotel\/#breadcrumb","itemListElement":[{"@type":"ListItem","position":1,"name":"Home","item":"https:\/\/hotel-villadvor.hr\/hu\/"},{"@type":"ListItem","position":2,"name":"Hotel Villa Dvor K\u00f6rnyezetbar\u00e1t Hotel"}]},{"@type":"WebSite","@id":"https:\/\/hotel-villadvor.hr\/hu\/#website","url":"https:\/\/hotel-villadvor.hr\/hu\/","name":"Hotel Villa Dvor - Omis - Croatia","description":"","potentialAction":[{"@type":"SearchAction","target":{"@type":"EntryPoint","urlTemplate":"https:\/\/hotel-villadvor.hr\/hu\/?s={search_term_string}"},"query-input":{"@type":"PropertyValueSpecification","valueRequired":true,"valueName":"search_term_string"}}],"inLanguage":"hu"}]}},"_links":{"self":[{"href":"https:\/\/hotel-villadvor.hr\/hu\/wp-json\/wp\/v2\/pages\/5474","targetHints":{"allow":["GET"]}}],"collection":[{"href":"https:\/\/hotel-villadvor.hr\/hu\/wp-json\/wp\/v2\/pages"}],"about":[{"href":"https:\/\/hotel-villadvor.hr\/hu\/wp-json\/wp\/v2\/types\/page"}],"author":[{"embeddable":true,"href":"https:\/\/hotel-villadvor.hr\/hu\/wp-json\/wp\/v2\/users\/1"}],"replies":[{"embeddable":true,"href":"https:\/\/hotel-villadvor.hr\/hu\/wp-json\/wp\/v2\/comments?post=5474"}],"version-history":[{"count":0,"href":"https:\/\/hotel-villadvor.hr\/hu\/wp-json\/wp\/v2\/pages\/5474\/revisions"}],"wp:attachment":[{"href":"https:\/\/hotel-villadvor.hr\/hu\/wp-json\/wp\/v2\/media?parent=5474"}],"curies":[{"name":"wp","href":"https:\/\/api.w.org\/{rel}","templated":true}]}}